{"id":94,"date":"2022-03-27T13:14:39","date_gmt":"2022-03-27T13:14:39","guid":{"rendered":"https:\/\/www.zeitenwandel-altesland.de\/?page_id=94"},"modified":"2022-09-07T15:29:31","modified_gmt":"2022-09-07T15:29:31","slug":"wegepunkt-4","status":"publish","type":"page","link":"https:\/\/www.zeitenwandel-altesland.de\/en\/wegepunkt-4\/","title":{"rendered":"Das Rathaus Jork &#8211; Wegepunkt 4"},"content":{"rendered":"\n  \n    \n    <section class=\"u-align-center u-clearfix u-image u-image-contain u-section-2\" id=\"sec-d91b\" data-image-width=\"2424\" data-image-height=\"1638\" style=\"background-image: url(&quot;https:\/\/www.zeitenwandel-altesland.de\/wp-content\/uploads\/2022\/03\/Bild-4.jpg&quot;);\">\n      <div class=\"u-align-left u-clearfix u-sheet u-valign-middle-md u-valign-middle-sm u-valign-middle-xs u-sheet-1\"><\/div>\n    <\/section>\n    <section class=\"u-clearfix u-section-3\" id=\"sec-cbc5\">\n      <div class=\"u-clearfix u-sheet u-sheet-1\">\n        <h4 class=\"u-text u-text-default u-text-1\">Text als Audio abspielen:<\/h4>\n        <div class=\"u-shortcode u-shortcode-1\">\n\n<div\n    id=\"h5ap-player-1\"\n    data-id=\"h5ap-player-1\"\n    data-attributes=\"{&quot;uniqueId&quot;:&quot;player659&quot;,&quot;clientId&quot;:&quot;&quot;,&quot;align&quot;:&quot;&quot;,&quot;alignment&quot;:&quot;left&quot;,&quot;source&quot;:&quot;https:\\\/\\\/www.zeitenwandel-altesland.de\\\/wp-content\\\/uploads\\\/2022\\\/09\\\/Location-4.mp3&quot;,&quot;color&quot;:&quot;#fff&quot;,&quot;textColor&quot;:&quot;#fff&quot;,&quot;primaryColor&quot;:&quot;#195FF5&quot;,&quot;hoverColor&quot;:&quot;#00B3FF&quot;,&quot;controlColor&quot;:&quot;#4a5464&quot;,&quot;bgColor&quot;:&quot;#f2f2f2&quot;,&quot;skin&quot;:&quot;Default&quot;,&quot;repeat&quot;:false,&quot;autoplay&quot;:false,&quot;isSticky&quot;:false,&quot;muted&quot;:false,&quot;loader&quot;:false,&quot;saveState&quot;:false,&quot;disablePause&quot;:false,&quot;seekTime&quot;:10,&quot;startTime&quot;:0,&quot;preload&quot;:&quot;metadata&quot;,&quot;download&quot;:false,&quot;width&quot;:&quot;100%&quot;,&quot;radius&quot;:&quot;5px&quot;,&quot;controls&quot;:{&quot;play&quot;:true,&quot;progress&quot;:true,&quot;current-time&quot;:true,&quot;duration&quot;:true,&quot;mute&quot;:true,&quot;volume&quot;:true},&quot;CSS&quot;:&quot;&quot;,&quot;i18n&quot;:{&quot;restart&quot;:&quot;Restart&quot;,&quot;rewind&quot;:&quot;Rewind {seektime}s&quot;,&quot;play&quot;:&quot;Play&quot;,&quot;pause&quot;:&quot;Pause&quot;,&quot;fastForward:&quot;:&quot;Forward {seektime}s&quot;,&quot;seek&quot;:&quot;Seek&quot;,&quot;seekLabel&quot;:&quot;{currentTime} of {duration}&quot;,&quot;played&quot;:&quot;Played&quot;,&quot;buffered&quot;:&quot;Buffered&quot;,&quot;currentTime:&quot;:&quot;Current time&quot;,&quot;duration&quot;:&quot;Duration&quot;,&quot;volume&quot;:&quot;Volume&quot;,&quot;mute&quot;:&quot;Mute&quot;,&quot;unmute&quot;:&quot;Unmute&quot;,&quot;enableCaptions&quot;:&quot;Enable captions&quot;,&quot;disableCaptions&quot;:&quot;Disable captions&quot;,&quot;download&quot;:&quot;Download&quot;,&quot;enterFullscreen&quot;:&quot;Enter fullscreen&quot;,&quot;exitFullscreen&quot;:&quot;Exit fullscreen&quot;,&quot;frameTitle&quot;:&quot;Player for {title}&quot;,&quot;captions&quot;:&quot;Captions&quot;,&quot;settings&quot;:&quot;Settings&quot;,&quot;pip&quot;:&quot;PIP&quot;,&quot;menuBack&quot;:&quot;Go back to previous menu&quot;,&quot;speed&quot;:&quot;Speed&quot;,&quot;normal&quot;:&quot;Normal&quot;,&quot;quality&quot;:&quot;Quality&quot;,&quot;loop&quot;:&quot;Loop&quot;,&quot;start&quot;:&quot;Start&quot;,&quot;end&quot;:&quot;End&quot;,&quot;all&quot;:&quot;All&quot;,&quot;reset&quot;:&quot;Reset&quot;,&quot;disabled&quot;:&quot;Disabled&quot;,&quot;enabled&quot;:&quot;Enabled&quot;,&quot;advertisement&quot;:&quot;Ad&quot;,&quot;qualityBadge&quot;:{&quot;2160&quot;:&quot;4K&quot;,&quot;1440&quot;:&quot;HD&quot;,&quot;1080&quot;:&quot;HD&quot;,&quot;720&quot;:&quot;HD&quot;,&quot;576&quot;:&quot;SD&quot;,&quot;480&quot;:&quot;SD&quot;}},&quot;poster&quot;:&quot;&quot;,&quot;title&quot;:&quot;audio title&quot;,&quot;artist&quot;:&quot;&quot;,&quot;speed&quot;:{&quot;selected&quot;:1,&quot;speed&quot;:[&quot;0.5&quot;,&quot; 0.75&quot;,&quot; 1&quot;,&quot; 1.25&quot;,&quot; 1.5&quot;,&quot; 1.75&quot;,&quot; 2&quot;,&quot; 4&quot;,&quot; 8&quot;]},&quot;multiple_audio&quot;:false,&quot;defaultValue&quot;:{&quot;Default&quot;:{&quot;primaryColor&quot;:&quot;#4A5464&quot;,&quot;controlColor&quot;:&quot;#4A5464&quot;,&quot;bgColor&quot;:&quot;#F5F5F5&quot;},&quot;Fusion&quot;:{&quot;primaryColor&quot;:&quot;#fff&quot;,&quot;bgColor&quot;:&quot;#161616&quot;,&quot;controlColor&quot;:&quot;#fff&quot;},&quot;Stamp&quot;:{&quot;controlColor&quot;:&quot;#fff&quot;,&quot;bgColor&quot;:&quot;#161616&quot;},&quot;Wave&quot;:{&quot;primaryColor&quot;:&quot;#fff&quot;,&quot;controlColor&quot;:&quot;#fff&quot;,&quot;bgColor&quot;:&quot;#161616&quot;,&quot;textColor&quot;:&quot;#fff&quot;},&quot;Card-1&quot;:{&quot;primaryColor&quot;:&quot;#fff&quot;,&quot;controlColor&quot;:&quot;#161616&quot;,&quot;bgColor&quot;:&quot;#161616&quot;,&quot;textColor&quot;:&quot;#fff&quot;},&quot;Card-2&quot;:{&quot;primaryColor&quot;:&quot;#00FBF3&quot;,&quot;controlColor&quot;:&quot;#fff&quot;,&quot;bgColor&quot;:&quot;#161616&quot;,&quot;textColor&quot;:&quot;#fff&quot;},&quot;Simple-1&quot;:{&quot;primaryColor&quot;:&quot;#00dcff&quot;,&quot;controlColor&quot;:&quot;#fff&quot;,&quot;bgColor&quot;:&quot;#161616&quot;,&quot;textColor&quot;:&quot;#00dcff&quot;},&quot;Simple-2&quot;:{&quot;primaryColor&quot;:&quot;#06F7FF00&quot;,&quot;controlColor&quot;:&quot;#fff&quot;,&quot;bgColor&quot;:&quot;#161616&quot;},&quot;Player9&quot;:{&quot;primaryColor&quot;:&quot;#195FF6&quot;,&quot;controlColor&quot;:&quot;#fff&quot;,&quot;bgColor&quot;:&quot;#161616&quot;,&quot;textColor&quot;:&quot;#EDEFF2&quot;},&quot;Player10&quot;:{&quot;primaryColor&quot;:&quot;#195FF6&quot;,&quot;controlColor&quot;:&quot;#fff&quot;,&quot;bgColor&quot;:&quot;#161616&quot;,&quot;textColor&quot;:&quot;#EDEFF2&quot;},&quot;Player11&quot;:{&quot;primaryColor&quot;:&quot;#195FF6&quot;,&quot;controlColor&quot;:&quot;#fff&quot;,&quot;bgColor&quot;:&quot;#161616&quot;,&quot;textColor&quot;:&quot;#fff&quot;}},&quot;TrpContentRestriction&quot;:{&quot;restriction_type&quot;:&quot;exclude&quot;,&quot;selected_languages&quot;:[],&quot;panel_open&quot;:true}}\"\n    class=\"wp-block-h5ap-tailwind wp-block-h5ap-audioplayer\">\n    <\/div>\n<\/div>\n      <\/div>\n    <\/section>\n    <section class=\"u-clearfix u-grey-5 u-section-4\" id=\"sec-f70d\">\n      <div class=\"u-clearfix u-sheet u-sheet-1\">\n        <h3 class=\"u-align-center u-text u-text-1\">Wegepunkt 4<\/h3>\n        <p class=\"u-align-center u-text u-text-2\"><b>Das Rathaus Jork, Aufnahme von 1963<\/b>\n        <\/p>\n        <p class=\"u-align-left u-text u-text-3\"> Bei\nder Gr\u00fcndung des Dorfes im 13. Jahrhundert war an dieser Stelle der Standort\ndes Herrenhofes f\u00fcr den Siedlungsf\u00fchrer, der mit der Wahrnehmung der Verwaltung\nder niederen Gerichtsbarkeit und etlichen anderen Vorrechten versehen war.\nIm Jahre 1645 wurde unter schwedischer Herrschaft Matth\u00e4us von Haren zum Gr\u00e4fen\nernannt. Er war es auch, der das Querhaus als Prunkbau ausf\u00fchren lie\u00df und somit\ndem heutigen Geb\u00e4ude seine besondere T-Form gab: einem Langhaus, das vorwiegend\nwirtschaftlichen Zwecken gedient hat und heute die Rathausdiele bildet. Hier\nwurde fr\u00fcher das Vieh untergebracht und das Heu gelagert. Das ehemalige\nQuerhaus, das fr\u00fcher \u00fcberwiegend zum Wohnen genutzt wurde, beherbergt heute\nB\u00fcros, unter anderem das des Jorker B\u00fcrgermeisters.&nbsp;<br>\n          <br>Wir\nmachen einen gro\u00dfen Zeitensprung: \u200bZwar\nhatte der Obsthof mit Viehhaltung den Zweiten Weltkrieg\nunbeschadet \u00fcberstanden, doch danach nicht rechtzeitig investiert und\nmodernisiert. Gesundheitliche Probleme des damaligen Eigent\u00fcmers Theodor Loheyde und fehlende Erben f\u00fchrten zu erheblichem\nLandverkauf und die Substanz des Gr\u00e4fenhofes verschlechterte sich immer mehr.\nAls Theodor Loheyde 1963 starb, wurde der Neffe neuer Besitzer. Wegen\nBauf\u00e4lligkeit musste ein Teil des Langhauses abgerissen werden. Das Haus war\nschlie\u00dflich nicht mehr bewohnbar und Ida Loheyde baute sich \u00f6stlich des\nGeb\u00e4udes ein kleines Wohnhaus, das inzwischen aber auch abgerissen wurde.&nbsp;<br>\n          <br>Der\neinst so stolze Gr\u00e4fenhof war extrem bedroht. Im Jahre 1971 kaufte die Gemeinde\nJork das alte, nicht mehr bewohnbare und dem v\u00f6lligen Verfall ausgesetzte\nHerrenhaus von Haren, um es zu renovieren und k\u00fcnftig als Rathaus zu nutzen.\nWelch\u00b4 ein Gl\u00fccksfall!\nDer\n21. Juni 1980 war f\u00fcr die Gemeinde Jork ein ganz besonderer Tag, als das\nGeb\u00e4ude seiner neuen Bestimmung als Rathaus \u00fcbergeben wurde. Seitdem f\u00fcllt der\n\u201eGr\u00e4fenhof\u201c seinen Platz als Mittelpunkt der Gemeinde Jork wieder w\u00fcrdig aus.\n        <\/p>\n      <\/div>\n    <\/section>\n    <section class=\"u-align-center u-clearfix u-white u-section-5\" id=\"sec-0a8d\">\n      <div class=\"u-clearfix u-sheet u-sheet-1\">\n        <div class=\"u-expanded-width u-gallery u-layout-horizontal u-lightbox u-no-transition u-show-text-on-hover u-width-fixed u-gallery-1\">\n          <div class=\"u-gallery-inner\"><div class=\"u-effect-fade u-gallery-item u-gallery-item-1\"><div class=\"u-back-slide\" data-image-width=\"2420\" data-image-height=\"1638\"><img decoding=\"async\" class=\"u-back-image u-back-image-1\" src=\"https:\/\/www.zeitenwandel-altesland.de\/wp-content\/uploads\/2022\/03\/Bild-4a.jpg\" alt=\"\">\n<\/div><div class=\"u-over-slide u-shading u-over-slide-1\"><h3 class=\"u-gallery-heading\"><\/h3><p class=\"u-gallery-text\">Der ehemalige \u201eGr\u00e4fenhof\u201c war schon immer Mittelpunkt des Ortes. Nach einem Teilabriss im Jahr 1963 und umfangreichen Umbauten im Jahr 1980, wird der Hof heute als Rathaus der Gemeinde Jork genutzt.<\/p>\n<\/div>\n<\/div><div class=\"u-effect-fade u-gallery-item u-gallery-item-2\"><div class=\"u-back-slide\" data-image-width=\"2424\" data-image-height=\"1638\"><img decoding=\"async\" class=\"u-back-image u-back-image-2\" src=\"https:\/\/www.zeitenwandel-altesland.de\/wp-content\/uploads\/2022\/03\/Bild-4.jpg\" alt=\"Der Hof Loheyde im Jahr 1973\">\n<\/div><div class=\"u-over-slide u-shading u-over-slide-2\"><h3 class=\"u-gallery-heading\"><\/h3><p class=\"u-gallery-text\">Der Hof Loheyde im Jahr 1973<\/p>\n<\/div>\n<\/div><\/div>\n          <a class=\"u-absolute-vcenter u-gallery-nav u-gallery-nav-prev u-grey-70 u-icon-circle u-opacity u-opacity-70 u-spacing-10 u-text-white u-gallery-nav-1\" href=\"#\" role=\"button\">\n            <span aria-hidden=\"true\">\n              <svg viewBox=\"0 0 451.847 451.847\"><path d=\"M97.141,225.92c0-8.095,3.091-16.192,9.259-22.366L300.689,9.27c12.359-12.359,32.397-12.359,44.751,0\nc12.354,12.354,12.354,32.388,0,44.748L173.525,225.92l171.903,171.909c12.354,12.354,12.354,32.391,0,44.744\nc-12.354,12.365-32.386,12.365-44.745,0l-194.29-194.281C100.226,242.115,97.141,234.018,97.141,225.92z\"><\/path><\/svg>\n            <\/span>\n            <span class=\"sr-only\">\n              <svg viewBox=\"0 0 451.847 451.847\"><path d=\"M97.141,225.92c0-8.095,3.091-16.192,9.259-22.366L300.689,9.27c12.359-12.359,32.397-12.359,44.751,0\nc12.354,12.354,12.354,32.388,0,44.748L173.525,225.92l171.903,171.909c12.354,12.354,12.354,32.391,0,44.744\nc-12.354,12.365-32.386,12.365-44.745,0l-194.29-194.281C100.226,242.115,97.141,234.018,97.141,225.92z\"><\/path><\/svg>\n            <\/span>\n          <\/a>\n          <a class=\"u-absolute-vcenter u-gallery-nav u-gallery-nav-next u-grey-70 u-icon-circle u-opacity u-opacity-70 u-spacing-10 u-text-white u-gallery-nav-2\" href=\"#\" role=\"button\">\n            <span aria-hidden=\"true\">\n              <svg viewBox=\"0 0 451.846 451.847\"><path d=\"M345.441,248.292L151.154,442.573c-12.359,12.365-32.397,12.365-44.75,0c-12.354-12.354-12.354-32.391,0-44.744\nL278.318,225.92L106.409,54.017c-12.354-12.359-12.354-32.394,0-44.748c12.354-12.359,32.391-12.359,44.75,0l194.287,194.284\nc6.177,6.18,9.262,14.271,9.262,22.366C354.708,234.018,351.617,242.115,345.441,248.292z\"><\/path><\/svg>\n            <\/span>\n            <span class=\"sr-only\">\n              <svg viewBox=\"0 0 451.846 451.847\"><path d=\"M345.441,248.292L151.154,442.573c-12.359,12.365-32.397,12.365-44.75,0c-12.354-12.354-12.354-32.391,0-44.744\nL278.318,225.92L106.409,54.017c-12.354-12.359-12.354-32.394,0-44.748c12.354-12.359,32.391-12.359,44.75,0l194.287,194.284\nc6.177,6.18,9.262,14.271,9.262,22.366C354.708,234.018,351.617,242.115,345.441,248.292z\"><\/path><\/svg>\n            <\/span>\n          <\/a>\n        <\/div>\n      <\/div>\n    <\/section>\n    <section class=\"u-clearfix u-grey-5 u-section-6\" id=\"sec-23e2\">\n      <div class=\"u-clearfix u-sheet u-sheet-1\">\n        <div class=\"u-clearfix u-expanded-width u-layout-wrap u-layout-wrap-1\">\n          <div class=\"u-layout\">\n            <div class=\"u-layout-row\">\n              <div class=\"u-align-left u-container-style u-layout-cell u-left-cell u-size-30 u-layout-cell-1\">\n                <div class=\"u-container-layout u-container-layout-1\">\n                  <h1 class=\"u-text u-title u-text-1\">Wegepunkt 4<br>\n                  <\/h1>\n                  <p class=\"u-text u-text-2\">Am Gr\u00e4fengericht 2<\/p>\n                  <p class=\"u-text u-text-3\">21635 Jork<\/p>\n                <\/div>\n              <\/div>\n              <div class=\"u-container-style u-layout-cell u-right-cell u-size-30 u-layout-cell-2\">\n                <div class=\"u-container-layout u-container-layout-2\">\n                  <div class=\"u-expanded u-grey-10 u-map\">\n                    <div class=\"embed-responsive\">\n                      <iframe class=\"embed-responsive-item\" src=\"\/\/maps.google.com\/maps?output=embed&amp;q=Am%20Gr%C3%A4fengericht%202%2C%20Jork&amp;t=m\" data-map=\"JTdCJTIyYWRkcmVzcyUyMiUzQSUyMkFtJTIwR3IlQzMlQTRmZW5nZXJpY2h0JTIwMiUyQyUyMEpvcmslMjIlMkMlMjJ6b29tJTIyJTNBbnVsbCUyQyUyMnR5cGVJZCUyMiUzQSUyMnJvYWQlMjIlMkMlMjJsYW5nJTIyJTNBbnVsbCUyQyUyMmFwaUtleSUyMiUzQW51bGwlMkMlMjJtYXJrZXJzJTIyJTNBJTVCJTVEJTdE\"><\/iframe>\n                    <\/div>\n                  <\/div>\n                <\/div>\n              <\/div>\n            <\/div>\n          <\/div>\n        <\/div>\n      <\/div>\n    <\/section>\n    \n    \n  \n","protected":false},"excerpt":{"rendered":"<p>Text als Audio abspielen: Wegepunkt 4 Das Rathaus Jork, Aufnahme von 1963 Bei der Gr\u00fcndung des Dorfes im 13. Jahrhundert war an dieser Stelle der Standort des Herrenhofes f\u00fcr den Siedlungsf\u00fchrer, der mit der Wahrnehmung der Verwaltung der niederen Gerichtsbarkeit und etlichen anderen Vorrechten versehen war. Im Jahre 1645 wurde unter schwedischer Herrschaft Matth\u00e4us von &hellip; <a href=\"https:\/\/www.zeitenwandel-altesland.de\/en\/wegepunkt-4\/\" class=\"more-link\">Continue reading<span class=\"screen-reader-text\"> &#8222;Das Rathaus Jork &#8211; Wegepunkt 4&#8220;<\/span><\/a><\/p>","protected":false},"author":1,"featured_media":0,"parent":0,"menu_order":4,"comment_status":"closed","ping_status":"closed","template":"","meta":{"h5ap_radio_sources":[],"footnotes":""},"_links":{"self":[{"href":"https:\/\/www.zeitenwandel-altesland.de\/en\/wp-json\/wp\/v2\/pages\/94"}],"collection":[{"href":"https:\/\/www.zeitenwandel-altesland.de\/en\/wp-json\/wp\/v2\/pages"}],"about":[{"href":"https:\/\/www.zeitenwandel-altesland.de\/en\/wp-json\/wp\/v2\/types\/page"}],"author":[{"embeddable":true,"href":"https:\/\/www.zeitenwandel-altesland.de\/en\/wp-json\/wp\/v2\/users\/1"}],"replies":[{"embeddable":true,"href":"https:\/\/www.zeitenwandel-altesland.de\/en\/wp-json\/wp\/v2\/comments?post=94"}],"version-history":[{"count":9,"href":"https:\/\/www.zeitenwandel-altesland.de\/en\/wp-json\/wp\/v2\/pages\/94\/revisions"}],"predecessor-version":[{"id":661,"href":"https:\/\/www.zeitenwandel-altesland.de\/en\/wp-json\/wp\/v2\/pages\/94\/revisions\/661"}],"wp:attachment":[{"href":"https:\/\/www.zeitenwandel-altesland.de\/en\/wp-json\/wp\/v2\/media?parent=94"}],"curies":[{"name":"wp","href":"https:\/\/api.w.org\/{rel}","templated":true}]}}