{"id":119,"date":"2022-03-27T14:48:03","date_gmt":"2022-03-27T14:48:03","guid":{"rendered":"https:\/\/www.zeitenwandel-altesland.de\/?page_id=119"},"modified":"2022-09-07T11:08:44","modified_gmt":"2022-09-07T11:08:44","slug":"wegepunkt-8","status":"publish","type":"page","link":"https:\/\/www.zeitenwandel-altesland.de\/en\/wegepunkt-8\/","title":{"rendered":"Westerjork &#8211; Wegepunkt 8"},"content":{"rendered":"\n  \n    \n    <section class=\"u-align-center u-clearfix u-image u-image-contain u-section-2\" id=\"sec-d91b\" data-image-width=\"2290\" data-image-height=\"1628\" style=\"background-image: url(&quot;https:\/\/www.zeitenwandel-altesland.de\/wp-content\/uploads\/2022\/03\/Bild-8.jpg&quot;);\">\n      <div class=\"u-align-left u-clearfix u-sheet u-valign-middle-md u-valign-middle-sm u-valign-middle-xs u-sheet-1\"><\/div>\n    <\/section>\n    <section class=\"u-clearfix u-section-3\" id=\"sec-ed5f\">\n      <div class=\"u-clearfix u-sheet u-sheet-1\">\n        <h4 class=\"u-text u-text-default u-text-1\">Text als Audio abspielen:<\/h4>\n        <div class=\"u-shortcode u-shortcode-1\">\n\n<div\n    id=\"h5ap-player-1\"\n    data-id=\"h5ap-player-1\"\n    data-attributes=\"{&quot;uniqueId&quot;:&quot;player620&quot;,&quot;clientId&quot;:&quot;&quot;,&quot;align&quot;:&quot;&quot;,&quot;alignment&quot;:&quot;left&quot;,&quot;source&quot;:&quot;https:\\\/\\\/www.zeitenwandel-altesland.de\\\/wp-content\\\/uploads\\\/2022\\\/09\\\/Location_8.mp3&quot;,&quot;color&quot;:&quot;#fff&quot;,&quot;textColor&quot;:&quot;#fff&quot;,&quot;primaryColor&quot;:&quot;#195FF5&quot;,&quot;hoverColor&quot;:&quot;#00B3FF&quot;,&quot;controlColor&quot;:&quot;#4a5464&quot;,&quot;bgColor&quot;:&quot;#f2f2f2&quot;,&quot;skin&quot;:&quot;Default&quot;,&quot;repeat&quot;:false,&quot;autoplay&quot;:false,&quot;isSticky&quot;:false,&quot;muted&quot;:false,&quot;loader&quot;:false,&quot;saveState&quot;:false,&quot;disablePause&quot;:false,&quot;seekTime&quot;:10,&quot;startTime&quot;:0,&quot;preload&quot;:&quot;metadata&quot;,&quot;download&quot;:false,&quot;width&quot;:&quot;100%&quot;,&quot;radius&quot;:&quot;5px&quot;,&quot;controls&quot;:{&quot;play&quot;:true,&quot;progress&quot;:true,&quot;current-time&quot;:true,&quot;duration&quot;:true,&quot;mute&quot;:true,&quot;volume&quot;:true},&quot;CSS&quot;:&quot;&quot;,&quot;i18n&quot;:{&quot;restart&quot;:&quot;Restart&quot;,&quot;rewind&quot;:&quot;Rewind {seektime}s&quot;,&quot;play&quot;:&quot;Play&quot;,&quot;pause&quot;:&quot;Pause&quot;,&quot;fastForward:&quot;:&quot;Forward {seektime}s&quot;,&quot;seek&quot;:&quot;Seek&quot;,&quot;seekLabel&quot;:&quot;{currentTime} of {duration}&quot;,&quot;played&quot;:&quot;Played&quot;,&quot;buffered&quot;:&quot;Buffered&quot;,&quot;currentTime:&quot;:&quot;Current time&quot;,&quot;duration&quot;:&quot;Duration&quot;,&quot;volume&quot;:&quot;Volume&quot;,&quot;mute&quot;:&quot;Mute&quot;,&quot;unmute&quot;:&quot;Unmute&quot;,&quot;enableCaptions&quot;:&quot;Enable captions&quot;,&quot;disableCaptions&quot;:&quot;Disable captions&quot;,&quot;download&quot;:&quot;Download&quot;,&quot;enterFullscreen&quot;:&quot;Enter fullscreen&quot;,&quot;exitFullscreen&quot;:&quot;Exit fullscreen&quot;,&quot;frameTitle&quot;:&quot;Player for {title}&quot;,&quot;captions&quot;:&quot;Captions&quot;,&quot;settings&quot;:&quot;Settings&quot;,&quot;pip&quot;:&quot;PIP&quot;,&quot;menuBack&quot;:&quot;Go back to previous menu&quot;,&quot;speed&quot;:&quot;Speed&quot;,&quot;normal&quot;:&quot;Normal&quot;,&quot;quality&quot;:&quot;Quality&quot;,&quot;loop&quot;:&quot;Loop&quot;,&quot;start&quot;:&quot;Start&quot;,&quot;end&quot;:&quot;End&quot;,&quot;all&quot;:&quot;All&quot;,&quot;reset&quot;:&quot;Reset&quot;,&quot;disabled&quot;:&quot;Disabled&quot;,&quot;enabled&quot;:&quot;Enabled&quot;,&quot;advertisement&quot;:&quot;Ad&quot;,&quot;qualityBadge&quot;:{&quot;2160&quot;:&quot;4K&quot;,&quot;1440&quot;:&quot;HD&quot;,&quot;1080&quot;:&quot;HD&quot;,&quot;720&quot;:&quot;HD&quot;,&quot;576&quot;:&quot;SD&quot;,&quot;480&quot;:&quot;SD&quot;}},&quot;poster&quot;:&quot;&quot;,&quot;title&quot;:&quot;audio title&quot;,&quot;artist&quot;:&quot;&quot;,&quot;speed&quot;:{&quot;selected&quot;:1,&quot;speed&quot;:[&quot;0.5&quot;,&quot; 0.75&quot;,&quot; 1&quot;,&quot; 1.25&quot;,&quot; 1.5&quot;,&quot; 1.75&quot;,&quot; 2&quot;,&quot; 4&quot;,&quot; 8&quot;]},&quot;multiple_audio&quot;:false,&quot;defaultValue&quot;:{&quot;Default&quot;:{&quot;primaryColor&quot;:&quot;#4A5464&quot;,&quot;controlColor&quot;:&quot;#4A5464&quot;,&quot;bgColor&quot;:&quot;#F5F5F5&quot;},&quot;Fusion&quot;:{&quot;primaryColor&quot;:&quot;#fff&quot;,&quot;bgColor&quot;:&quot;#161616&quot;,&quot;controlColor&quot;:&quot;#fff&quot;},&quot;Stamp&quot;:{&quot;controlColor&quot;:&quot;#fff&quot;,&quot;bgColor&quot;:&quot;#161616&quot;},&quot;Wave&quot;:{&quot;primaryColor&quot;:&quot;#fff&quot;,&quot;controlColor&quot;:&quot;#fff&quot;,&quot;bgColor&quot;:&quot;#161616&quot;,&quot;textColor&quot;:&quot;#fff&quot;},&quot;Card-1&quot;:{&quot;primaryColor&quot;:&quot;#fff&quot;,&quot;controlColor&quot;:&quot;#161616&quot;,&quot;bgColor&quot;:&quot;#161616&quot;,&quot;textColor&quot;:&quot;#fff&quot;},&quot;Card-2&quot;:{&quot;primaryColor&quot;:&quot;#00FBF3&quot;,&quot;controlColor&quot;:&quot;#fff&quot;,&quot;bgColor&quot;:&quot;#161616&quot;,&quot;textColor&quot;:&quot;#fff&quot;},&quot;Simple-1&quot;:{&quot;primaryColor&quot;:&quot;#00dcff&quot;,&quot;controlColor&quot;:&quot;#fff&quot;,&quot;bgColor&quot;:&quot;#161616&quot;,&quot;textColor&quot;:&quot;#00dcff&quot;},&quot;Simple-2&quot;:{&quot;primaryColor&quot;:&quot;#06F7FF00&quot;,&quot;controlColor&quot;:&quot;#fff&quot;,&quot;bgColor&quot;:&quot;#161616&quot;},&quot;Player9&quot;:{&quot;primaryColor&quot;:&quot;#195FF6&quot;,&quot;controlColor&quot;:&quot;#fff&quot;,&quot;bgColor&quot;:&quot;#161616&quot;,&quot;textColor&quot;:&quot;#EDEFF2&quot;},&quot;Player10&quot;:{&quot;primaryColor&quot;:&quot;#195FF6&quot;,&quot;controlColor&quot;:&quot;#fff&quot;,&quot;bgColor&quot;:&quot;#161616&quot;,&quot;textColor&quot;:&quot;#EDEFF2&quot;},&quot;Player11&quot;:{&quot;primaryColor&quot;:&quot;#195FF6&quot;,&quot;controlColor&quot;:&quot;#fff&quot;,&quot;bgColor&quot;:&quot;#161616&quot;,&quot;textColor&quot;:&quot;#fff&quot;}},&quot;TrpContentRestriction&quot;:{&quot;restriction_type&quot;:&quot;exclude&quot;,&quot;selected_languages&quot;:[],&quot;panel_open&quot;:true}}\"\n    class=\"wp-block-h5ap-tailwind wp-block-h5ap-audioplayer\">\n    <\/div>\n<\/div>\n      <\/div>\n    <\/section>\n    <section class=\"u-clearfix u-grey-5 u-section-4\" id=\"sec-f70d\">\n      <div class=\"u-clearfix u-sheet u-sheet-1\">\n        <h3 class=\"u-align-center u-text u-text-1\">Wegepunkt 8<\/h3>\n        <p class=\"u-align-center u-text u-text-2\"><b>Heutige Stra\u00dfe\n\u201eWesterjork\u201c, Aufnahme aus den 1950er Jahren<\/b>\n        <\/p>\n        <p class=\"u-align-left u-text u-text-3\"> Diese\nStra\u00dfe nennt sich \u201eWesterjork\u201c, weil sie vom Zentrum Jork in Richtung Westen\nf\u00fchrt. g<br>Gleiches gilt f\u00fcr die Stra\u00dfe \u201eOsterjork\u201c, die auf der anderen Seite vom\nZentrum ausgehend in Richtung Osten f\u00fchrt. Beide Ortsteile haben sich sehr\n\u00e4hnlich ausgepr\u00e4gt und wurden erstmals im 14. Jahrhundert schriftlich erw\u00e4hnt:\n\u201e<i>in dat Westen<\/i>\u201c und \u201e<i>in dat Osten<\/i>\u201c. Hier handelte es sich um\neinen typischen Wetternweg, der durch die aus der parallel verlaufenden Wettern\ngeworfenen Kleierde entstand und sehr buckelig und uneben war. Aber das st\u00f6rte\nnicht weiter, weil die Altl\u00e4nder mehr auf der Wettern als auf der Stra\u00dfe\nunterwegs waren.&nbsp;<br>\n          <br>Um trockenen Fu\u00dfes an die K\u00e4hne zu kommen, hatten die Bauern\nsogar quer \u00fcber den Weg Steine gelegt, wodurch dieser noch unebener wurde. Zum\nBesuch K\u00f6nigs Georg V. von Hannover im Jahre 1862 mussten die Steine entfernt\nund der Weg in eine \u200b\nf\u00fcr die k\u00f6nigliche Kutsche befahrbare Stra\u00dfe\n hergerichtet werden. Bis zu\nBeginn der 1960er Jahre war die Stra\u00dfe schmal und mit Kopfsteinen gepflastert.&nbsp;<br>\n          <br>Auf dem Bild sehen wir, dass fast jedes Bauernhaus mit einem reichen und\ngepflegten Giebel sowie einem typischen Reetdach ausgestattet war und bis an\ndie Stra\u00dfenkante heran gebaut wurde. 1961 bekam die Stra\u00dfe komplett ein anderes\nGesicht: Die B\u00e4ume wurden gef\u00e4llt, die Wettern zugesch\u00fcttet, die Stra\u00dfe\nverbreitert und \u200b\nasphaltiert. Das gleiche Schicksal\nmusste ein Jahr sp\u00e4ter auch die Stra\u00dfe Osterjork erdulden.&nbsp;<br>\n          <br>Leider wurden dadurch viel alte Bausubstanz und eine wesentliche\nortbildpr\u00e4gende Struktur in den letzten Jahrzehnten aufgegeben. \nSie\nhaben jetzt die gute Gelegenheit, das \u201eMuseum Altes Land\u201c ca. 100 Meter weiter\nzu besuchen und noch mehr \u00fcber die Geschichte des Altes Land zu erfahren. Oder\nSie gehen schr\u00e4g gegen\u00fcber durch die Kurze Stra\u00dfe bis zum Wegepunkt 10 am\nWesterminnerweg.\n        <\/p>\n      <\/div>\n    <\/section>\n    <section class=\"u-align-center u-clearfix u-white u-section-5\" id=\"sec-0a8d\">\n      <div class=\"u-clearfix u-sheet u-sheet-1\">\n        <div class=\"u-expanded-width u-gallery u-layout-horizontal u-lightbox u-no-transition u-show-text-on-hover u-width-fixed u-gallery-1\">\n          <div class=\"u-gallery-inner\"><div class=\"u-effect-fade u-gallery-item u-gallery-item-1\"><div class=\"u-back-slide\" data-image-width=\"1268\" data-image-height=\"1694\"><img decoding=\"async\" class=\"u-back-image u-back-image-1\" src=\"https:\/\/www.zeitenwandel-altesland.de\/wp-content\/uploads\/2022\/03\/Bild-8a.jpg\" alt=\"Archiv Familie Hubert \">\n<\/div><div class=\"u-over-slide u-shading u-over-slide-1\"><h3 class=\"u-gallery-heading\"><\/h3><p class=\"u-gallery-text\">Archiv Familie Hubert<\/p>\n<\/div>\n<\/div><div class=\"u-effect-fade u-gallery-item u-gallery-item-2\"><div class=\"u-back-slide\" data-image-width=\"2290\" data-image-height=\"1628\"><img decoding=\"async\" class=\"u-back-image u-back-image-2\" src=\"https:\/\/www.zeitenwandel-altesland.de\/wp-content\/uploads\/2022\/03\/Bild-8.jpg\" alt=\"Die Wettern wurde 1961 zugesch\u00fcttet \">\n<\/div><div class=\"u-over-slide u-shading u-over-slide-2\"><h3 class=\"u-gallery-heading\"><\/h3><p class=\"u-gallery-text\">Die Wettern wurde 1961 zugesch\u00fcttet <\/p>\n<\/div>\n<\/div><\/div>\n          <a class=\"u-absolute-vcenter u-gallery-nav u-gallery-nav-prev u-grey-70 u-icon-circle u-opacity u-opacity-70 u-spacing-10 u-text-white u-gallery-nav-1\" href=\"#\" role=\"button\">\n            <span aria-hidden=\"true\">\n              <svg viewBox=\"0 0 451.847 451.847\"><path d=\"M97.141,225.92c0-8.095,3.091-16.192,9.259-22.366L300.689,9.27c12.359-12.359,32.397-12.359,44.751,0\nc12.354,12.354,12.354,32.388,0,44.748L173.525,225.92l171.903,171.909c12.354,12.354,12.354,32.391,0,44.744\nc-12.354,12.365-32.386,12.365-44.745,0l-194.29-194.281C100.226,242.115,97.141,234.018,97.141,225.92z\"><\/path><\/svg>\n            <\/span>\n            <span class=\"sr-only\">\n              <svg viewBox=\"0 0 451.847 451.847\"><path d=\"M97.141,225.92c0-8.095,3.091-16.192,9.259-22.366L300.689,9.27c12.359-12.359,32.397-12.359,44.751,0\nc12.354,12.354,12.354,32.388,0,44.748L173.525,225.92l171.903,171.909c12.354,12.354,12.354,32.391,0,44.744\nc-12.354,12.365-32.386,12.365-44.745,0l-194.29-194.281C100.226,242.115,97.141,234.018,97.141,225.92z\"><\/path><\/svg>\n            <\/span>\n          <\/a>\n          <a class=\"u-absolute-vcenter u-gallery-nav u-gallery-nav-next u-grey-70 u-icon-circle u-opacity u-opacity-70 u-spacing-10 u-text-white u-gallery-nav-2\" href=\"#\" role=\"button\">\n            <span aria-hidden=\"true\">\n              <svg viewBox=\"0 0 451.846 451.847\"><path d=\"M345.441,248.292L151.154,442.573c-12.359,12.365-32.397,12.365-44.75,0c-12.354-12.354-12.354-32.391,0-44.744\nL278.318,225.92L106.409,54.017c-12.354-12.359-12.354-32.394,0-44.748c12.354-12.359,32.391-12.359,44.75,0l194.287,194.284\nc6.177,6.18,9.262,14.271,9.262,22.366C354.708,234.018,351.617,242.115,345.441,248.292z\"><\/path><\/svg>\n            <\/span>\n            <span class=\"sr-only\">\n              <svg viewBox=\"0 0 451.846 451.847\"><path d=\"M345.441,248.292L151.154,442.573c-12.359,12.365-32.397,12.365-44.75,0c-12.354-12.354-12.354-32.391,0-44.744\nL278.318,225.92L106.409,54.017c-12.354-12.359-12.354-32.394,0-44.748c12.354-12.359,32.391-12.359,44.75,0l194.287,194.284\nc6.177,6.18,9.262,14.271,9.262,22.366C354.708,234.018,351.617,242.115,345.441,248.292z\"><\/path><\/svg>\n            <\/span>\n          <\/a>\n        <\/div>\n      <\/div>\n    <\/section>\n    <section class=\"u-clearfix u-grey-5 u-section-6\" id=\"sec-23e2\">\n      <div class=\"u-clearfix u-sheet u-sheet-1\">\n        <div class=\"u-clearfix u-expanded-width u-layout-wrap u-layout-wrap-1\">\n          <div class=\"u-layout\">\n            <div class=\"u-layout-row\">\n              <div class=\"u-align-left u-container-style u-layout-cell u-left-cell u-size-30 u-layout-cell-1\">\n                <div class=\"u-container-layout u-container-layout-1\">\n                  <h1 class=\"u-text u-title u-text-1\">Wegepunkt 8<br>\n                  <\/h1>\n                  <p class=\"u-text u-text-2\"> Westerjork\n32<\/p>\n                  <p class=\"u-text u-text-3\">21635 Jork<\/p>\n                <\/div>\n              <\/div>\n              <div class=\"u-container-style u-layout-cell u-right-cell u-size-30 u-layout-cell-2\">\n                <div class=\"u-container-layout u-container-layout-2\">\n                  <div class=\"u-expanded u-grey-10 u-map\">\n                    <div class=\"embed-responsive\">\n                      <iframe class=\"embed-responsive-item\" src=\"\/\/maps.google.com\/maps?output=embed&amp;q=westerjork%2032%2C%20Jork&amp;t=m\" data-map=\"JTdCJTIyYWRkcmVzcyUyMiUzQSUyMndlc3RlcmpvcmslMjAzMiUyQyUyMEpvcmslMjIlMkMlMjJ6b29tJTIyJTNBbnVsbCUyQyUyMnR5cGVJZCUyMiUzQSUyMnJvYWQlMjIlMkMlMjJsYW5nJTIyJTNBbnVsbCUyQyUyMmFwaUtleSUyMiUzQW51bGwlMkMlMjJtYXJrZXJzJTIyJTNBJTVCJTVEJTdE\"><\/iframe>\n                    <\/div>\n                  <\/div>\n                <\/div>\n              <\/div>\n            <\/div>\n          <\/div>\n        <\/div>\n      <\/div>\n    <\/section>\n    \n    \n  \n","protected":false},"excerpt":{"rendered":"<p>Text als Audio abspielen: Wegepunkt 8 Heutige Stra\u00dfe \u201eWesterjork\u201c, Aufnahme aus den 1950er Jahren Diese Stra\u00dfe nennt sich \u201eWesterjork\u201c, weil sie vom Zentrum Jork in Richtung Westen f\u00fchrt. gGleiches gilt f\u00fcr die Stra\u00dfe \u201eOsterjork\u201c, die auf der anderen Seite vom Zentrum ausgehend in Richtung Osten f\u00fchrt. Beide Ortsteile haben sich sehr \u00e4hnlich ausgepr\u00e4gt und wurden &hellip; <a href=\"https:\/\/www.zeitenwandel-altesland.de\/en\/wegepunkt-8\/\" class=\"more-link\">Continue reading<span class=\"screen-reader-text\"> &#8222;Westerjork &#8211; Wegepunkt 8&#8220;<\/span><\/a><\/p>","protected":false},"author":1,"featured_media":0,"parent":0,"menu_order":8,"comment_status":"closed","ping_status":"closed","template":"","meta":{"h5ap_radio_sources":[],"footnotes":""},"_links":{"self":[{"href":"https:\/\/www.zeitenwandel-altesland.de\/en\/wp-json\/wp\/v2\/pages\/119"}],"collection":[{"href":"https:\/\/www.zeitenwandel-altesland.de\/en\/wp-json\/wp\/v2\/pages"}],"about":[{"href":"https:\/\/www.zeitenwandel-altesland.de\/en\/wp-json\/wp\/v2\/types\/page"}],"author":[{"embeddable":true,"href":"https:\/\/www.zeitenwandel-altesland.de\/en\/wp-json\/wp\/v2\/users\/1"}],"replies":[{"embeddable":true,"href":"https:\/\/www.zeitenwandel-altesland.de\/en\/wp-json\/wp\/v2\/comments?post=119"}],"version-history":[{"count":8,"href":"https:\/\/www.zeitenwandel-altesland.de\/en\/wp-json\/wp\/v2\/pages\/119\/revisions"}],"predecessor-version":[{"id":621,"href":"https:\/\/www.zeitenwandel-altesland.de\/en\/wp-json\/wp\/v2\/pages\/119\/revisions\/621"}],"wp:attachment":[{"href":"https:\/\/www.zeitenwandel-altesland.de\/en\/wp-json\/wp\/v2\/media?parent=119"}],"curies":[{"name":"wp","href":"https:\/\/api.w.org\/{rel}","templated":true}]}}